{"id":95,"date":"2021-11-10T16:41:37","date_gmt":"2021-11-10T15:41:37","guid":{"rendered":"https:\/\/vs-jonas.at\/?page_id=95"},"modified":"2026-03-16T13:58:40","modified_gmt":"2026-03-16T12:58:40","slug":"team","status":"publish","type":"page","link":"https:\/\/vs-jonas.at\/?page_id=95","title":{"rendered":"Unser Team"},"content":{"rendered":"\r\n<div class=\"wp-block-columns is-layout-flex wp-container-core-columns-is-layout-9d6595d7 wp-block-columns-is-layout-flex\">\r\n<div class=\"wp-block-column is-layout-flow wp-block-column-is-layout-flow\" style=\"flex-basis: 100%;\">\r\n<div class=\"wp-block-group\"><div class=\"wp-block-group__inner-container is-layout-flow wp-block-group-is-layout-flow\">\r\n<div class=\"wp-block-columns is-layout-flex wp-container-core-columns-is-layout-9d6595d7 wp-block-columns-is-layout-flex\">\r\n<div class=\"wp-block-column is-layout-flow wp-block-column-is-layout-flow\" style=\"flex-basis: 100%;\">\r\n<figure class=\"wp-block-image size-large\"><img loading=\"lazy\" decoding=\"async\" width=\"707\" height=\"1024\" class=\"wp-image-1029\" src=\"https:\/\/vs-jonas.at\/wp-content\/uploads\/2022\/09\/Barbara-Jauk-2-707x1024.jpg\" alt=\"\" srcset=\"https:\/\/vs-jonas.at\/wp-content\/uploads\/2022\/09\/Barbara-Jauk-2-707x1024.jpg 707w, https:\/\/vs-jonas.at\/wp-content\/uploads\/2022\/09\/Barbara-Jauk-2-207x300.jpg 207w, https:\/\/vs-jonas.at\/wp-content\/uploads\/2022\/09\/Barbara-Jauk-2-768x1113.jpg 768w, https:\/\/vs-jonas.at\/wp-content\/uploads\/2022\/09\/Barbara-Jauk-2-1060x1536.jpg 1060w, https:\/\/vs-jonas.at\/wp-content\/uploads\/2022\/09\/Barbara-Jauk-2-1414x2048.jpg 1414w, https:\/\/vs-jonas.at\/wp-content\/uploads\/2022\/09\/Barbara-Jauk-2.jpg 1500w\" sizes=\"auto, (max-width: 707px) 100vw, 707px\" \/>\r\n<figcaption class=\"wp-element-caption\">Barbara Jauk, Schulleiterin<br \/><br \/><img loading=\"lazy\" decoding=\"async\" class=\"wp-image-1036\" src=\"https:\/\/vs-jonas.at\/wp-content\/uploads\/2022\/09\/Haubenwaller_Julia.jpg\" alt=\"\" width=\"285\" height=\"354\" \/><br \/>Julia Haubenwaller, Lehrerin f\u00fcr Technik und Design und Leiterstellvertreterin<br \/><br \/><img loading=\"lazy\" decoding=\"async\" class=\"alignnone  wp-image-1032\" src=\"https:\/\/vs-jonas.at\/wp-content\/uploads\/2022\/09\/Noest_Bewerbungsfoto-682x1024.jpeg\" alt=\"\" width=\"282\" height=\"423\" \/><br \/>Karoline N\u00f6st, Klassenlehrerin<br \/><br \/><img loading=\"lazy\" decoding=\"async\" class=\"wp-image-1040\" src=\"https:\/\/vs-jonas.at\/wp-content\/uploads\/2022\/09\/Stadler-Florian-2-746x1024.jpg\" alt=\"\" width=\"287\" height=\"394\" srcset=\"https:\/\/vs-jonas.at\/wp-content\/uploads\/2022\/09\/Stadler-Florian-2-746x1024.jpg 746w, https:\/\/vs-jonas.at\/wp-content\/uploads\/2022\/09\/Stadler-Florian-2-219x300.jpg 219w, https:\/\/vs-jonas.at\/wp-content\/uploads\/2022\/09\/Stadler-Florian-2-768x1054.jpg 768w, https:\/\/vs-jonas.at\/wp-content\/uploads\/2022\/09\/Stadler-Florian-2-1119x1536.jpg 1119w, https:\/\/vs-jonas.at\/wp-content\/uploads\/2022\/09\/Stadler-Florian-2-1492x2048.jpg 1492w, https:\/\/vs-jonas.at\/wp-content\/uploads\/2022\/09\/Stadler-Florian-2-scaled.jpg 1866w\" sizes=\"auto, (max-width: 287px) 100vw, 287px\" \/><br \/>Florian Stadler, Klassenlehrer<br \/><br \/><img loading=\"lazy\" decoding=\"async\" class=\"alignnone wp-image-1947 \" src=\"https:\/\/vs-jonas.at\/wp-content\/uploads\/2025\/07\/IMG-20250709-WA0000-e1753297201595-599x1024.jpg\" alt=\"\" width=\"285\" height=\"487\" srcset=\"https:\/\/vs-jonas.at\/wp-content\/uploads\/2025\/07\/IMG-20250709-WA0000-e1753297201595-599x1024.jpg 599w, https:\/\/vs-jonas.at\/wp-content\/uploads\/2025\/07\/IMG-20250709-WA0000-e1753297201595-176x300.jpg 176w, https:\/\/vs-jonas.at\/wp-content\/uploads\/2025\/07\/IMG-20250709-WA0000-e1753297201595-768x1313.jpg 768w, https:\/\/vs-jonas.at\/wp-content\/uploads\/2025\/07\/IMG-20250709-WA0000-e1753297201595-899x1536.jpg 899w, https:\/\/vs-jonas.at\/wp-content\/uploads\/2025\/07\/IMG-20250709-WA0000-e1753297201595.jpg 1080w\" sizes=\"auto, (max-width: 285px) 100vw, 285px\" \/><br \/>Clara Kaloud, Klassenlehrerin<br \/><br \/><img loading=\"lazy\" decoding=\"async\" class=\"alignnone  wp-image-1955\" src=\"https:\/\/vs-jonas.at\/wp-content\/uploads\/2025\/07\/1000120448-1-776x1024.jpg\" alt=\"\" width=\"282\" height=\"372\" \/><br \/>Anja Hildenbrandt, Lehrerin<br \/><br \/><img loading=\"lazy\" decoding=\"async\" class=\"wp-image-1037\" src=\"https:\/\/vs-jonas.at\/wp-content\/uploads\/2022\/09\/Johann_Nina.jpg\" alt=\"\" width=\"285\" height=\"392\" srcset=\"https:\/\/vs-jonas.at\/wp-content\/uploads\/2022\/09\/Johann_Nina.jpg 228w, https:\/\/vs-jonas.at\/wp-content\/uploads\/2022\/09\/Johann_Nina-218x300.jpg 218w\" sizes=\"auto, (max-width: 285px) 100vw, 285px\" \/><br \/>Nina Johann, Klassenlehrerin<\/figcaption>\r\n<\/figure>\r\n<\/div>\r\n<\/div>\r\n<\/div><\/div>\r\n\r\n\r\n\r\n\r\n\r\n<figure class=\"wp-block-image size-full is-style-default\"><img loading=\"lazy\" decoding=\"async\" class=\"wp-image-1138\" src=\"https:\/\/vs-jonas.at\/wp-content\/uploads\/2022\/11\/Hammer-Nina.jpg\" alt=\"\" width=\"284\" height=\"398\" srcset=\"https:\/\/vs-jonas.at\/wp-content\/uploads\/2022\/11\/Hammer-Nina.jpg 539w, https:\/\/vs-jonas.at\/wp-content\/uploads\/2022\/11\/Hammer-Nina-214x300.jpg 214w\" sizes=\"auto, (max-width: 284px) 100vw, 284px\" \/>\r\n<figcaption class=\"wp-element-caption\">Nina Hammer, Klassenlehrerin<br \/><br \/><img loading=\"lazy\" decoding=\"async\" class=\"alignnone  wp-image-2372\" src=\"https:\/\/vs-jonas.at\/wp-content\/uploads\/2026\/03\/IMG-20260313-WA0012-e1773665758418.jpg\" alt=\"\" width=\"282\" height=\"286\" \/><br \/>Evi Pellegrini, Klassenlehrerin<br \/><br \/><img loading=\"lazy\" decoding=\"async\" class=\"wp-image-1034\" src=\"https:\/\/vs-jonas.at\/wp-content\/uploads\/2022\/09\/Amstetter_Herbert.jpg\" alt=\"\" width=\"286\" height=\"401\" srcset=\"https:\/\/vs-jonas.at\/wp-content\/uploads\/2022\/09\/Amstetter_Herbert.jpg 224w, https:\/\/vs-jonas.at\/wp-content\/uploads\/2022\/09\/Amstetter_Herbert-214x300.jpg 214w\" sizes=\"auto, (max-width: 286px) 100vw, 286px\" \/><br \/>Herbert Amstetter, Klassenlehrer<br \/><br \/><\/figcaption>\r\n<\/figure>\r\n\r\n\r\n\r\n\r\n\r\n<figure class=\"wp-block-image size-full\"><img loading=\"lazy\" decoding=\"async\" class=\"wp-image-1030\" src=\"https:\/\/vs-jonas.at\/wp-content\/uploads\/2022\/09\/Reisner_Georg-1.jpg\" alt=\"\" width=\"284\" height=\"364\" \/>\r\n<figcaption class=\"wp-element-caption\">Georg Reisner, Klassenlehrer<\/figcaption>\r\n<\/figure>\r\n\r\n\r\n\r\n<figure class=\"wp-block-image size-large\"><img loading=\"lazy\" decoding=\"async\" class=\"alignnone wp-image-1518 \" src=\"https:\/\/vs-jonas.at\/wp-content\/uploads\/2024\/05\/Grill.jpeg\" alt=\"\" width=\"286\" height=\"414\" \/>\r\n<figcaption class=\"wp-element-caption\">Silke Grill, Klassenlehrerin<\/figcaption>\r\n<\/figure>\r\n\r\n\r\n\r\n<figure class=\"wp-block-image size-large\"><img loading=\"lazy\" decoding=\"async\" class=\"alignnone wp-image-1511 \" src=\"https:\/\/vs-jonas.at\/wp-content\/uploads\/2024\/05\/Omerovic_Eldin.jpg\" alt=\"\" width=\"285\" height=\"383\" \/>\r\n<figcaption class=\"wp-element-caption\">Eldin Omerovic, Klassenlehrer<br \/><br \/><img loading=\"lazy\" decoding=\"async\" class=\"alignnone  wp-image-1976\" src=\"https:\/\/vs-jonas.at\/wp-content\/uploads\/2025\/09\/IMG-20250914-WA0001-880x1024.jpg\" alt=\"\" width=\"276\" height=\"322\" \/><br \/>Silvia M\u00fcllner, Lehrerin f\u00fcr Sonderp\u00e4dagogik<br \/><br \/><img loading=\"lazy\" decoding=\"async\" class=\"alignnone  wp-image-1974\" src=\"https:\/\/vs-jonas.at\/wp-content\/uploads\/2025\/09\/20250915_124219-scaled-e1757933852141-837x1024.jpg\" alt=\"\" width=\"276\" height=\"337\" \/><br \/>Caroline Lardschneider, Lehrerin f\u00fcr Sonderp\u00e4dagogik<br \/><br \/><img loading=\"lazy\" decoding=\"async\" class=\"alignnone  wp-image-2370\" src=\"https:\/\/vs-jonas.at\/wp-content\/uploads\/2026\/03\/IMG-20260313-WA0011-scaled-e1773665679128-821x1024.jpg\" alt=\"\" width=\"276\" height=\"344\" srcset=\"https:\/\/vs-jonas.at\/wp-content\/uploads\/2026\/03\/IMG-20260313-WA0011-scaled-e1773665679128-821x1024.jpg 821w, https:\/\/vs-jonas.at\/wp-content\/uploads\/2026\/03\/IMG-20260313-WA0011-scaled-e1773665679128-241x300.jpg 241w, https:\/\/vs-jonas.at\/wp-content\/uploads\/2026\/03\/IMG-20260313-WA0011-scaled-e1773665679128-768x958.jpg 768w, https:\/\/vs-jonas.at\/wp-content\/uploads\/2026\/03\/IMG-20260313-WA0011-scaled-e1773665679128-1232x1536.jpg 1232w, https:\/\/vs-jonas.at\/wp-content\/uploads\/2026\/03\/IMG-20260313-WA0011-scaled-e1773665679128-1642x2048.jpg 1642w, https:\/\/vs-jonas.at\/wp-content\/uploads\/2026\/03\/IMG-20260313-WA0011-scaled-e1773665679128.jpg 1796w\" sizes=\"auto, (max-width: 276px) 100vw, 276px\" \/><br \/>Franziska Marin, Lehrerin<br \/><br \/><img loading=\"lazy\" decoding=\"async\" class=\"alignnone  wp-image-2008\" src=\"https:\/\/vs-jonas.at\/wp-content\/uploads\/2025\/09\/8296727988982604410-768x1024.jpg\" alt=\"\" width=\"276\" height=\"368\" srcset=\"https:\/\/vs-jonas.at\/wp-content\/uploads\/2025\/09\/8296727988982604410-768x1024.jpg 768w, https:\/\/vs-jonas.at\/wp-content\/uploads\/2025\/09\/8296727988982604410-225x300.jpg 225w, https:\/\/vs-jonas.at\/wp-content\/uploads\/2025\/09\/8296727988982604410-1152x1536.jpg 1152w, https:\/\/vs-jonas.at\/wp-content\/uploads\/2025\/09\/8296727988982604410.jpg 1200w\" sizes=\"auto, (max-width: 276px) 100vw, 276px\" \/><br \/>Daniel Huber, Lehrer f\u00fcr Sprachheilp\u00e4dagogik<br \/><br \/><img loading=\"lazy\" decoding=\"async\" class=\"alignnone  wp-image-1949\" src=\"https:\/\/vs-jonas.at\/wp-content\/uploads\/2025\/07\/IMG-20250709-WA0011-805x1024.jpg\" alt=\"\" width=\"281\" height=\"358\" \/><br \/>Tetiana Lintur, Lehrerin f\u00fcr DaZ, DFKL und DFK<\/figcaption>\r\n<\/figure>\r\n\r\n\r\n\r\n\r\n\r\n\r\n\r\n\r\n\r\n\r\n\r\n\r\n\r\n\r\n\r\n<figure class=\"wp-block-image size-full\">\r\n<figcaption class=\"wp-element-caption\"><br \/><img loading=\"lazy\" decoding=\"async\" class=\"alignnone  wp-image-1982\" src=\"https:\/\/vs-jonas.at\/wp-content\/uploads\/2023\/09\/20250915_131514-scaled-e1757935268616-813x1024.jpg\" alt=\"\" width=\"270\" height=\"341\" srcset=\"https:\/\/vs-jonas.at\/wp-content\/uploads\/2023\/09\/20250915_131514-scaled-e1757935268616-813x1024.jpg 813w, https:\/\/vs-jonas.at\/wp-content\/uploads\/2023\/09\/20250915_131514-scaled-e1757935268616-238x300.jpg 238w, https:\/\/vs-jonas.at\/wp-content\/uploads\/2023\/09\/20250915_131514-scaled-e1757935268616-768x968.jpg 768w, https:\/\/vs-jonas.at\/wp-content\/uploads\/2023\/09\/20250915_131514-scaled-e1757935268616-1219x1536.jpg 1219w, https:\/\/vs-jonas.at\/wp-content\/uploads\/2023\/09\/20250915_131514-scaled-e1757935268616-1625x2048.jpg 1625w, https:\/\/vs-jonas.at\/wp-content\/uploads\/2023\/09\/20250915_131514-scaled-e1757935268616.jpg 1710w\" sizes=\"auto, (max-width: 270px) 100vw, 270px\" \/><br \/>Isabella Mauerhofer, Lehrerin f\u00fcr DaZ, DFKL und DFK<\/figcaption>\r\n<\/figure>\r\n\r\n\r\n\r\n\r\n\r\n\r\n\r\n<figure class=\"wp-block-image size-full\"><img loading=\"lazy\" decoding=\"async\" class=\"wp-image-1043\" src=\"https:\/\/vs-jonas.at\/wp-content\/uploads\/2022\/09\/Gratze_Anita.jpg\" alt=\"\" width=\"277\" height=\"388\" srcset=\"https:\/\/vs-jonas.at\/wp-content\/uploads\/2022\/09\/Gratze_Anita.jpg 224w, https:\/\/vs-jonas.at\/wp-content\/uploads\/2022\/09\/Gratze_Anita-214x300.jpg 214w\" sizes=\"auto, (max-width: 277px) 100vw, 277px\" \/>\r\n<figcaption class=\"wp-element-caption\">Anita Gratze, Lehrerin f\u00fcr Religion rk<\/figcaption>\r\n<\/figure>\r\n\r\n\r\n\r\n<figure class=\"wp-block-image size-full\"><img loading=\"lazy\" decoding=\"async\" class=\"wp-image-1044\" src=\"https:\/\/vs-jonas.at\/wp-content\/uploads\/2022\/09\/Cikaric_Senija.jpg\" alt=\"\" width=\"277\" height=\"370\" srcset=\"https:\/\/vs-jonas.at\/wp-content\/uploads\/2022\/09\/Cikaric_Senija.jpg 235w, https:\/\/vs-jonas.at\/wp-content\/uploads\/2022\/09\/Cikaric_Senija-225x300.jpg 225w\" sizes=\"auto, (max-width: 277px) 100vw, 277px\" \/>\r\n<figcaption class=\"wp-element-caption\">Senija Cikaric, Lehrerin f\u00fcr Religion isl<\/figcaption>\r\n<\/figure>\r\n\r\n\r\n\r\n<figure class=\"wp-block-image size-full\"><img loading=\"lazy\" decoding=\"async\" class=\"wp-image-1046\" src=\"https:\/\/vs-jonas.at\/wp-content\/uploads\/2022\/09\/Greucean_Cristian.jpg\" alt=\"\" width=\"277\" height=\"371\" srcset=\"https:\/\/vs-jonas.at\/wp-content\/uploads\/2022\/09\/Greucean_Cristian.jpg 269w, https:\/\/vs-jonas.at\/wp-content\/uploads\/2022\/09\/Greucean_Cristian-224x300.jpg 224w\" sizes=\"auto, (max-width: 277px) 100vw, 277px\" \/>\r\n<figcaption class=\"wp-element-caption\">Pfarrer Cristian Greucean, Lehrer f\u00fcr Religion orth<br \/><br \/><br \/><br \/>Johanna Hirtenfelder, Lehrerin in Karenz<br \/><br \/><br \/>Unsere Freizeitp\u00e4dagog:innen<br \/>\r\n\r\n\r\n\r\n\r\n<figure class=\"wp-block-image size-large\"><img loading=\"lazy\" decoding=\"async\" width=\"1024\" height=\"748\" class=\"wp-image-1063\" src=\"https:\/\/vs-jonas.at\/wp-content\/uploads\/2022\/09\/DSC_3537-1024x748.jpg\" alt=\"\" srcset=\"https:\/\/vs-jonas.at\/wp-content\/uploads\/2022\/09\/DSC_3537-1024x748.jpg 1024w, https:\/\/vs-jonas.at\/wp-content\/uploads\/2022\/09\/DSC_3537-300x219.jpg 300w, https:\/\/vs-jonas.at\/wp-content\/uploads\/2022\/09\/DSC_3537-768x561.jpg 768w, https:\/\/vs-jonas.at\/wp-content\/uploads\/2022\/09\/DSC_3537-1536x1122.jpg 1536w, https:\/\/vs-jonas.at\/wp-content\/uploads\/2022\/09\/DSC_3537-2048x1496.jpg 2048w\" sizes=\"auto, (max-width: 1024px) 100vw, 1024px\" \/>\r\n\r\n<\/figure>\r\n\r\n\r\n\r\n<figure class=\"wp-block-image size-full\"><img loading=\"lazy\" decoding=\"async\" class=\"wp-image-1047\" src=\"https:\/\/vs-jonas.at\/wp-content\/uploads\/2022\/09\/Zettl_Nicole.jpg\" alt=\"\" width=\"270\" height=\"317\" \/>\r\n<figcaption class=\"wp-element-caption\">Nicole Zettl, Freizeitp\u00e4dagogin und Freizeitleiterin<\/figcaption>\r\n<\/figure>\r\n\r\n\r\n\r\n<figure class=\"wp-block-image size-full\">\r\n<figcaption class=\"wp-element-caption\"><img loading=\"lazy\" decoding=\"async\" class=\"wp-image-1048 alignnone\" src=\"https:\/\/vs-jonas.at\/wp-content\/uploads\/2022\/09\/Hamann_Doris.jpg\" alt=\"\" width=\"271\" height=\"335\" \/><br \/>Doris Hamann, Freizeitp\u00e4dagogin<\/figcaption>\r\n<\/figure>\r\n\r\n\r\n\r\n<figure class=\"wp-block-image size-large\"><img loading=\"lazy\" decoding=\"async\" class=\"wp-image-1049\" src=\"https:\/\/vs-jonas.at\/wp-content\/uploads\/2022\/09\/Preiml-Christina-716x1024.jpg\" alt=\"\" width=\"275\" height=\"394\" srcset=\"https:\/\/vs-jonas.at\/wp-content\/uploads\/2022\/09\/Preiml-Christina-716x1024.jpg 716w, https:\/\/vs-jonas.at\/wp-content\/uploads\/2022\/09\/Preiml-Christina-210x300.jpg 210w, https:\/\/vs-jonas.at\/wp-content\/uploads\/2022\/09\/Preiml-Christina-768x1098.jpg 768w, https:\/\/vs-jonas.at\/wp-content\/uploads\/2022\/09\/Preiml-Christina-1074x1536.jpg 1074w, https:\/\/vs-jonas.at\/wp-content\/uploads\/2022\/09\/Preiml-Christina-1433x2048.jpg 1433w, https:\/\/vs-jonas.at\/wp-content\/uploads\/2022\/09\/Preiml-Christina-scaled.jpg 1791w\" sizes=\"auto, (max-width: 275px) 100vw, 275px\" \/>\r\n<figcaption class=\"wp-element-caption\">Christina Preiml, Freizeitp\u00e4dagogin<\/figcaption>\r\n<\/figure>\r\n\r\n\r\n\r\n<figure class=\"wp-block-image size-full\"><img loading=\"lazy\" decoding=\"async\" class=\"wp-image-1050\" src=\"https:\/\/vs-jonas.at\/wp-content\/uploads\/2022\/09\/Putzgruber_Christian.jpg\" alt=\"\" width=\"276\" height=\"369\" srcset=\"https:\/\/vs-jonas.at\/wp-content\/uploads\/2022\/09\/Putzgruber_Christian.jpg 235w, https:\/\/vs-jonas.at\/wp-content\/uploads\/2022\/09\/Putzgruber_Christian-225x300.jpg 225w\" sizes=\"auto, (max-width: 276px) 100vw, 276px\" \/>\r\n<figcaption class=\"wp-element-caption\">Christian Putzgruber, Freizeitp\u00e4dagoge<\/figcaption>\r\n<\/figure>\r\n<\/div>\r\n<\/div>\r\n\r\n\r\n\r\n<div class=\"wp-block-columns is-layout-flex wp-container-core-columns-is-layout-9d6595d7 wp-block-columns-is-layout-flex\">\r\n<div class=\"wp-block-column is-layout-flow wp-block-column-is-layout-flow\" style=\"flex-basis: 100%;\">\u00a0<\/div>\r\n<\/div>\r\n\r\n\r\n\r\n<div class=\"wp-block-columns is-layout-flex wp-container-core-columns-is-layout-9d6595d7 wp-block-columns-is-layout-flex\">\r\n<div class=\"wp-block-column is-layout-flow wp-block-column-is-layout-flow\" style=\"flex-basis: 100%;\">\u00a0<\/div>\r\n<\/div>\r\n\r\n\r\n\r\n<div class=\"wp-block-columns is-layout-flex wp-container-core-columns-is-layout-9d6595d7 wp-block-columns-is-layout-flex\">\r\n<div class=\"wp-block-column is-layout-flow wp-block-column-is-layout-flow\" style=\"flex-basis: 100%;\">\u00a0<\/div>\r\n<\/div>\r\n\r\n\r\n\r\n<div class=\"wp-block-columns is-layout-flex wp-container-core-columns-is-layout-9d6595d7 wp-block-columns-is-layout-flex\">\r\n<div class=\"wp-block-column is-layout-flow wp-block-column-is-layout-flow\" style=\"flex-basis: 100%;\">\u00a0<\/div>\r\n<\/div>\r\n","protected":false},"excerpt":{"rendered":"<p>Lehrpersonenfoto 2024-2025<br \/>\n(c) Fotostudio Peter Wagner<\/p>\n","protected":false},"author":1,"featured_media":2011,"parent":0,"menu_order":0,"comment_status":"closed","ping_status":"closed","template":"","meta":{"footnotes":""},"class_list":["post-95","page","type-page","status-publish","has-post-thumbnail","hentry"],"_links":{"self":[{"href":"https:\/\/vs-jonas.at\/index.php?rest_route=\/wp\/v2\/pages\/95","targetHints":{"allow":["GET"]}}],"collection":[{"href":"https:\/\/vs-jonas.at\/index.php?rest_route=\/wp\/v2\/pages"}],"about":[{"href":"https:\/\/vs-jonas.at\/index.php?rest_route=\/wp\/v2\/types\/page"}],"author":[{"embeddable":true,"href":"https:\/\/vs-jonas.at\/index.php?rest_route=\/wp\/v2\/users\/1"}],"replies":[{"embeddable":true,"href":"https:\/\/vs-jonas.at\/index.php?rest_route=%2Fwp%2Fv2%2Fcomments&post=95"}],"version-history":[{"count":155,"href":"https:\/\/vs-jonas.at\/index.php?rest_route=\/wp\/v2\/pages\/95\/revisions"}],"predecessor-version":[{"id":2373,"href":"https:\/\/vs-jonas.at\/index.php?rest_route=\/wp\/v2\/pages\/95\/revisions\/2373"}],"wp:featuredmedia":[{"embeddable":true,"href":"https:\/\/vs-jonas.at\/index.php?rest_route=\/wp\/v2\/media\/2011"}],"wp:attachment":[{"href":"https:\/\/vs-jonas.at\/index.php?rest_route=%2Fwp%2Fv2%2Fmedia&parent=95"}],"curies":[{"name":"wp","href":"https:\/\/api.w.org\/{rel}","templated":true}]}}